{"id":265,"date":"2021-01-08T11:10:49","date_gmt":"2021-01-08T11:10:49","guid":{"rendered":"https:\/\/www.gruene-reinheim.de\/?page_id=265"},"modified":"2026-04-21T11:27:16","modified_gmt":"2026-04-21T09:27:16","slug":"ortsbeiraete","status":"publish","type":"page","link":"https:\/\/www.gruene-reinheim.de\/?page_id=265","title":{"rendered":"Ortsbeir\u00e4te"},"content":{"rendered":"\n<p>Entsprechend der Hessische Gemeindeordnung (HGO) k\u00f6nnen in Gemeinden Ortsbeir\u00e4te eingerichtet werden.<br>Der Ortsbeirat ist zu allen wichtigen Angelegenheiten, die den Ortsbezirk betreffen, zu h\u00f6ren, insbesondere zum Entwurf des Haushaltsplans. Er hat ein Vorschlagsrecht in allen Angelegenheiten, die den Ortsbezirk angehen.<\/p>\n\n\n\n<p>Die Sitzungen der Ortsbeir\u00e4te sind \u00f6ffentlich.<\/p>\n\n\n\n<p><strong>Unsere Vertreterinnen und Vertreter in den Ortsbeir\u00e4ten:<\/strong><\/p>\n\n\n\n<div class=\"wp-block-media-text alignwide is-stacked-on-mobile has-black-color has-text-color has-background\" style=\"background-color:#46962b\"><figure class=\"wp-block-media-text__media\"><img loading=\"lazy\" decoding=\"async\" width=\"800\" height=\"800\" src=\"https:\/\/www.gruene-reinheim.de\/wp-content\/uploads\/2026\/01\/barbara-listenplatz-10-gruene-reinheim.webp\" alt=\"\" class=\"wp-image-2561 size-full\" srcset=\"https:\/\/www.gruene-reinheim.de\/wp-content\/uploads\/2026\/01\/barbara-listenplatz-10-gruene-reinheim.webp 800w, https:\/\/www.gruene-reinheim.de\/wp-content\/uploads\/2026\/01\/barbara-listenplatz-10-gruene-reinheim-400x400.webp 400w, https:\/\/www.gruene-reinheim.de\/wp-content\/uploads\/2026\/01\/barbara-listenplatz-10-gruene-reinheim-150x150.webp 150w, https:\/\/www.gruene-reinheim.de\/wp-content\/uploads\/2026\/01\/barbara-listenplatz-10-gruene-reinheim-768x768.webp 768w\" sizes=\"auto, (max-width: 800px) 100vw, 800px\" \/><\/figure><div class=\"wp-block-media-text__content\">\n<p class=\"has-medium-font-size\"><strong>Ortsbeirat Reinheim<\/strong><\/p>\n\n\n\n<p class=\"has-medium-font-size\">Barbara Kirchhof<\/p>\n\n\n\n<p class=\"has-black-color has-text-color\"><a href=\"#\" data-unscramble=\"ed.miehnier-eneurg@noitkarf\" data-type=\"mailto\" data-id=\"#\" data-unscramble=\"ed.miehnier-eneurg@noitkarf\">Mail an Felix Hausch<\/a><\/p>\n<\/div><\/div>\n\n\n\n<p><\/p>\n\n\n\n<div class=\"wp-block-media-text alignwide has-media-on-the-right is-stacked-on-mobile has-background\" style=\"background-color:#46962b\"><div class=\"wp-block-media-text__content\">\n<p class=\"has-medium-font-size\"><strong>Ortsbeirat Reinheim<\/strong><br>Winfried Rieger<\/p>\n\n\n\n<p class=\"has-black-color has-text-color\"><a href=\"#\" data-unscramble=\"ed.miehnier-eneurg@noitkarf\">Mail an Winfried Rieger<\/a><\/p>\n<\/div><figure class=\"wp-block-media-text__media\"><img loading=\"lazy\" decoding=\"async\" width=\"400\" height=\"332\" src=\"https:\/\/www.gruene-reinheim.de\/wp-content\/uploads\/2021\/02\/3winfried-1.jpg\" alt=\"\" class=\"wp-image-805 size-full\" srcset=\"https:\/\/www.gruene-reinheim.de\/wp-content\/uploads\/2021\/02\/3winfried-1.jpg 400w, https:\/\/www.gruene-reinheim.de\/wp-content\/uploads\/2021\/02\/3winfried-1-150x125.jpg 150w\" sizes=\"auto, (max-width: 400px) 100vw, 400px\" \/><\/figure><\/div>\n\n\n\n<p><\/p>\n\n\n\n<div class=\"wp-block-media-text alignwide is-stacked-on-mobile has-background\" style=\"background-color:#46962b\"><figure class=\"wp-block-media-text__media\"><img loading=\"lazy\" decoding=\"async\" width=\"800\" height=\"800\" src=\"https:\/\/www.gruene-reinheim.de\/wp-content\/uploads\/2026\/01\/yannick-listenplatz-2-gruene-reinheim.webp\" alt=\"\" class=\"wp-image-2574 size-full\" srcset=\"https:\/\/www.gruene-reinheim.de\/wp-content\/uploads\/2026\/01\/yannick-listenplatz-2-gruene-reinheim.webp 800w, https:\/\/www.gruene-reinheim.de\/wp-content\/uploads\/2026\/01\/yannick-listenplatz-2-gruene-reinheim-400x400.webp 400w, https:\/\/www.gruene-reinheim.de\/wp-content\/uploads\/2026\/01\/yannick-listenplatz-2-gruene-reinheim-150x150.webp 150w, https:\/\/www.gruene-reinheim.de\/wp-content\/uploads\/2026\/01\/yannick-listenplatz-2-gruene-reinheim-768x768.webp 768w\" sizes=\"auto, (max-width: 800px) 100vw, 800px\" \/><\/figure><div class=\"wp-block-media-text__content\">\n<p class=\"has-medium-font-size\"><strong>Ortsbeirat Ueberau<\/strong><\/p>\n\n\n\n<p class=\"has-medium-font-size\">Yannick Friedl<\/p>\n\n\n\n<p class=\"has-black-color has-text-color\"><a href=\"#\" data-unscramble=\"ed.miehnier-eneurg@noitkarf\">Mail an Kilian Rohrbach<\/a><\/p>\n<\/div><\/div>\n\n\n\n<p><\/p>\n\n\n\n<div class=\"wp-block-media-text alignwide has-media-on-the-right is-stacked-on-mobile has-background\" style=\"background-color:#46962b\"><div class=\"wp-block-media-text__content\">\n<p class=\"has-medium-font-size\"><strong>Ortsbeirat Spachbr\u00fccken<\/strong><\/p>\n\n\n\n<p class=\"has-medium-font-size\">Frank Ewald<\/p>\n\n\n\n<p class=\"has-black-color has-text-color\"><a href=\"#\" data-unscramble=\"ed.miehnier-eneurg@noitkarf\">Mail an Harald Buchberger<\/a><\/p>\n<\/div><figure class=\"wp-block-media-text__media\"><img loading=\"lazy\" decoding=\"async\" width=\"512\" height=\"512\" src=\"https:\/\/www.gruene-reinheim.de\/wp-content\/uploads\/2025\/10\/Sonnenblume_RGB_gelb.jpg\" alt=\"\" class=\"wp-image-2386 size-full\" srcset=\"https:\/\/www.gruene-reinheim.de\/wp-content\/uploads\/2025\/10\/Sonnenblume_RGB_gelb.jpg 512w, https:\/\/www.gruene-reinheim.de\/wp-content\/uploads\/2025\/10\/Sonnenblume_RGB_gelb-400x400.jpg 400w, https:\/\/www.gruene-reinheim.de\/wp-content\/uploads\/2025\/10\/Sonnenblume_RGB_gelb-150x150.jpg 150w\" sizes=\"auto, (max-width: 512px) 100vw, 512px\" \/><\/figure><\/div>\n\n\n\n<p><\/p>\n\n\n\n<div class=\"wp-block-media-text alignwide is-stacked-on-mobile has-background\" style=\"background-color:#46962b\"><figure class=\"wp-block-media-text__media\"><img loading=\"lazy\" decoding=\"async\" width=\"800\" height=\"800\" src=\"https:\/\/www.gruene-reinheim.de\/wp-content\/uploads\/2026\/01\/harald-listenplatz-9-gruene-reinheim.webp\" alt=\"\" class=\"wp-image-2567 size-full\" srcset=\"https:\/\/www.gruene-reinheim.de\/wp-content\/uploads\/2026\/01\/harald-listenplatz-9-gruene-reinheim.webp 800w, https:\/\/www.gruene-reinheim.de\/wp-content\/uploads\/2026\/01\/harald-listenplatz-9-gruene-reinheim-400x400.webp 400w, https:\/\/www.gruene-reinheim.de\/wp-content\/uploads\/2026\/01\/harald-listenplatz-9-gruene-reinheim-150x150.webp 150w, https:\/\/www.gruene-reinheim.de\/wp-content\/uploads\/2026\/01\/harald-listenplatz-9-gruene-reinheim-768x768.webp 768w\" sizes=\"auto, (max-width: 800px) 100vw, 800px\" \/><\/figure><div class=\"wp-block-media-text__content\">\n<p class=\"has-medium-font-size\"><strong>Ortsbeirat Georgenhausen-Zeilhard<\/strong><br>Harald Buchberger<\/p>\n\n\n\n<p class=\"has-black-color has-text-color\"><a href=\"#\" data-unscramble=\"ed.miehnier-eneurg@noitkarf\">Mail an Harald Buchberger<\/a><\/p>\n<\/div><\/div>\n\n\n\n<p><\/p>\n","protected":false},"excerpt":{"rendered":"<p>Entsprechend der Hessische Gemeindeordnung (HGO) k\u00f6nnen in Gemeinden Ortsbeir\u00e4te eingerichtet werden.Der Ortsbeirat ist zu allen wichtigen Angelegenheiten, die den Ortsbezirk betreffen, zu h\u00f6ren, insbesondere zum Entwurf des Haushaltsplans. Er hat [&hellip;]<\/p>\n","protected":false},"author":5,"featured_media":0,"parent":212,"menu_order":3,"comment_status":"closed","ping_status":"closed","template":"","meta":{"footnotes":""},"class_list":["post-265","page","type-page","status-publish","hentry"],"_links":{"self":[{"href":"https:\/\/www.gruene-reinheim.de\/index.php?rest_route=\/wp\/v2\/pages\/265","targetHints":{"allow":["GET"]}}],"collection":[{"href":"https:\/\/www.gruene-reinheim.de\/index.php?rest_route=\/wp\/v2\/pages"}],"about":[{"href":"https:\/\/www.gruene-reinheim.de\/index.php?rest_route=\/wp\/v2\/types\/page"}],"author":[{"embeddable":true,"href":"https:\/\/www.gruene-reinheim.de\/index.php?rest_route=\/wp\/v2\/users\/5"}],"replies":[{"embeddable":true,"href":"https:\/\/www.gruene-reinheim.de\/index.php?rest_route=%2Fwp%2Fv2%2Fcomments&post=265"}],"version-history":[{"count":17,"href":"https:\/\/www.gruene-reinheim.de\/index.php?rest_route=\/wp\/v2\/pages\/265\/revisions"}],"predecessor-version":[{"id":2834,"href":"https:\/\/www.gruene-reinheim.de\/index.php?rest_route=\/wp\/v2\/pages\/265\/revisions\/2834"}],"up":[{"embeddable":true,"href":"https:\/\/www.gruene-reinheim.de\/index.php?rest_route=\/wp\/v2\/pages\/212"}],"wp:attachment":[{"href":"https:\/\/www.gruene-reinheim.de\/index.php?rest_route=%2Fwp%2Fv2%2Fmedia&parent=265"}],"curies":[{"name":"wp","href":"https:\/\/api.w.org\/{rel}","templated":true}]}}