{"id":2209,"date":"2024-09-09T18:25:02","date_gmt":"2024-09-09T16:25:02","guid":{"rendered":"https:\/\/www.gruene-reinheim.de\/?page_id=2209"},"modified":"2025-05-12T21:21:48","modified_gmt":"2025-05-12T19:21:48","slug":"anfragen","status":"publish","type":"page","link":"https:\/\/www.gruene-reinheim.de\/?page_id=2209","title":{"rendered":"Anfragen"},"content":{"rendered":"\n<details class=\"wp-block-details is-layout-flow wp-block-details-is-layout-flow\"><summary><strong>Anfragen der Fraktion B\u00dcNDNIS 90 \/ DIE GR\u00dcNEN zum Thema Baugebiet NW III\/Grundst\u00fccke<\/strong><\/summary>\n<p>Sehr geehrter Herr Stadtverordnetenvorsteher,<\/p>\n\n\n\n<p>im Namen der Fraktion B\u00fcndnis 90 \/ Die Gr\u00fcnen stellen wir folgende Anfrage in Erweiterung bzw. Pr\u00e4zisierung der Anfrage vom 15.01.2025:<\/p>\n\n\n\n<p>In der \u00d6ffentlichkeit ist durch diverse Statements der Eindruck entstanden, dass der Verkauf der Grundst\u00fccke im neuen Baugebiet NW III perfekt l\u00e4uft. Laut <em>Portal freiebaugrundstuecke.de,<\/em> das die Vergabe im Auftrag der Stadt Reinheim organisiert, wird mit Stand 2.3.2025 angegeben, dass von den 51 Wohnbebauungs-Grundst\u00fccken auf dem Plan derzeit nur 10 verkauft und 1 reserviert ist. Die Fl\u00e4chen, die 431,464 und 466 auf dem Plan des Portals w\u00e4ren, weisen keinen Status auf. Es ist dort eine Gesamtzahl von 64 Grundst\u00fccken genannt.<\/p>\n\n\n\n<ul class=\"wp-block-list\">\n<li>Deswegen hier eine pr\u00e4zisierte Anfrage:<\/li>\n<\/ul>\n\n\n\n<ul class=\"wp-block-list\">\n<li>Wieviele Grundst\u00fccke im Wohnbebauungsgebiet sind derzeit verkauft, wieviele notariell beurkundet und f\u00fcr wieviele gibt es Zahlungseingang?<\/li>\n\n\n\n<li>Wieviele Grundst\u00fccke im Mischgebiet sind derzeit verkauft, wieviele notariell beurkundet und f\u00fcr wieviele gibt es Zahlungseingang?<\/li>\n\n\n\n<li>Wieviele Grundst\u00fccke im Gewerbegebiet sind derzeit verkauft, wieviele notariell beurkundet und f\u00fcr wieviele gibt es Zahlungseingang?<\/li>\n\n\n\n<li>Ist das Grundst\u00fccke f\u00fcr das Sondergebiet notariell beurkundet und gibt es Zahlungseingang?<\/li>\n<\/ul>\n\n\n\n<p>Die Differenz von 64 (Gesamtzahl der Grundst\u00fccke NWII) zu 51 (Wohnbebauung) ist die Anzahl der Grundst\u00fccke in Gewerbe-, Misch- und Sondergebiet?<\/p>\n\n\n\n<p>Was ist der Status der Fl\u00e4chen im Wohnbebauungsgebiet, die nach fortlaufender Nummerierung die Nummern 431,464 und 466 h\u00e4tten?<\/p>\n\n\n\n<details class=\"wp-block-details is-layout-flow wp-block-details-is-layout-flow\"><summary><\/summary>\n<p><\/p>\n<\/details>\n<\/details>\n\n\n\n<details class=\"wp-block-details is-layout-flow wp-block-details-is-layout-flow\"><summary>A<strong>nfrage der Fraktion  B\u00dcNDNIS 90 \/ DIE GR\u00dcNEN zum Thema Ausbau Glasfasernetz<\/strong><\/summary>\n<p>Sehr geehrter Herr Stadtverordnetenvorsteher,<\/p>\n\n\n\n<p>im Namen der Fraktion B\u00fcndnis 90 \/ Die Gr\u00fcnen stellen wir folgende Anfrage:<\/p>\n\n\n\n<p>Liegen dem Magistrat bzw. der Verwaltung aktuelle Informationen zum Stand des Ausbaues und des erwarteten Fertigstellungstermins des Glasfasernetzes in Reinheim inklusive der Stadtteile vor?<\/p>\n<\/details>\n\n\n\n<details class=\"wp-block-details is-layout-flow wp-block-details-is-layout-flow\"><summary><strong>Anfrage der Fraktion B\u00dcNDNIS 90 \/ DIE GR\u00dcNEN zum Thema St\u00e4dtepartnerschaft<\/strong><\/summary>\n<p>im Namen der Fraktion B\u00fcndnis 90 \/ Die Gr\u00fcnen stellen wir folgende Anfrage:<\/p>\n\n\n\n<p>Wir nehmen den Besuch der Jugendfeuerwehren in der franz\u00f6sischen Stadt Cestas zum Anlass nachzufragen, ob denn auch angedacht ist, einen Austausch der im Reinheimer Parlament vertretenen politischen Gruppen mit den politischen Vertretern der Partner-St\u00e4dte Cesta, Licata, Sanok und F\u00fcrstenwalde zu organisieren, um einen Dialog und ein \u201eVon-Einander-Lernen\u201c auf kommunalpolitischer Ebene zu f\u00f6rdern.<\/p>\n<\/details>\n\n\n\n<details class=\"wp-block-details is-layout-flow wp-block-details-is-layout-flow\"><summary><strong>Anfrage der Fraktion  B\u00dcNDNIS 90 \/ DIE GR\u00dcNEN zum Thema Hebesatz Grundsteuer<br><\/strong><\/summary>\n<p>Sehr geehrter Herr Stadtverordnetenvorsteher,<\/p>\n\n\n\n<p>im Namen der Fraktion B\u00fcndnis 90 \/ Die Gr\u00fcnen stellen wir folgende Anfrage:<\/p>\n\n\n\n<p>Plant der Magistrat einen Beschlussvorschlag zur Anpassung der Grundsteuersatz-Hebes\u00e4tze nachdem das hessischen Finanzministerium f\u00fcr die Grundsteuer A \u2013 derzeit 450 v.H. &#8211; und die Grundsteuer B &#8211; derzeit 525 v.H. &#8211; folgende Empfehlung f\u00fcr 2025 ver\u00f6ffentlicht hat:<\/p>\n\n\n\n<p>Hebesatz Grundsteuer B senken auf 425,82 v.H. ?<\/p>\n\n\n\n<p>Hebesatz Grundsteuer A erh\u00f6hen auf 480,25 v.H und<\/p>\n<\/details>\n\n\n\n<details class=\"wp-block-details is-layout-flow wp-block-details-is-layout-flow\"><summary><strong>Anfrage der Fraktion  B\u00dcNDNIS 90 \/ DIE GR\u00dcNEN zum Thema Verkauf st\u00e4dtischer Grundst\u00fccke<\/strong><\/summary>\n<p>Sehr geehrter Herr Stadtverordnetenvorsteher,<\/p>\n\n\n\n<p>im Namen der Fraktion B\u00fcndnis 90 \/ Die Gr\u00fcnen stellen wir folgende Anfrage:<\/p>\n\n\n\n<p>Gibt es Einnahmen aus dem Verkauf des st\u00e4dtischen Grundst\u00fccks an das THW und gibt es Informationen \u00fcber einen Baubeginn?<\/p>\n\n\n\n<p>wieviele der st\u00e4dtischen Grundst\u00fccke im Baugebiet NW III sind definitiv verkauft<br>Wohngebiet?<br>Mischgebiet?<br>Gewerbegebiet?<br>Sondergebiet?<br>wieviele st\u00e4dtische Grundst\u00fccke im NW II Gewerbegebiet sind noch unverkauft?<\/p>\n<\/details>\n\n\n\n<p><\/p>\n","protected":false},"excerpt":{"rendered":"","protected":false},"author":5,"featured_media":0,"parent":0,"menu_order":0,"comment_status":"closed","ping_status":"closed","template":"","meta":{"footnotes":""},"class_list":["post-2209","page","type-page","status-publish","hentry"],"_links":{"self":[{"href":"https:\/\/www.gruene-reinheim.de\/index.php?rest_route=\/wp\/v2\/pages\/2209","targetHints":{"allow":["GET"]}}],"collection":[{"href":"https:\/\/www.gruene-reinheim.de\/index.php?rest_route=\/wp\/v2\/pages"}],"about":[{"href":"https:\/\/www.gruene-reinheim.de\/index.php?rest_route=\/wp\/v2\/types\/page"}],"author":[{"embeddable":true,"href":"https:\/\/www.gruene-reinheim.de\/index.php?rest_route=\/wp\/v2\/users\/5"}],"replies":[{"embeddable":true,"href":"https:\/\/www.gruene-reinheim.de\/index.php?rest_route=%2Fwp%2Fv2%2Fcomments&post=2209"}],"version-history":[{"count":9,"href":"https:\/\/www.gruene-reinheim.de\/index.php?rest_route=\/wp\/v2\/pages\/2209\/revisions"}],"predecessor-version":[{"id":2329,"href":"https:\/\/www.gruene-reinheim.de\/index.php?rest_route=\/wp\/v2\/pages\/2209\/revisions\/2329"}],"wp:attachment":[{"href":"https:\/\/www.gruene-reinheim.de\/index.php?rest_route=%2Fwp%2Fv2%2Fmedia&parent=2209"}],"curies":[{"name":"wp","href":"https:\/\/api.w.org\/{rel}","templated":true}]}}